{"id":7945,"date":"2024-12-12T18:01:09","date_gmt":"2024-12-12T17:01:09","guid":{"rendered":"https:\/\/domicil.pl\/index.php\/produkt\/tusz-asarto-as-c513cmyx-zamiennik-do-canon-cl-513\/"},"modified":"2026-03-27T12:38:16","modified_gmt":"2026-03-27T11:38:16","slug":"tusz-asarto-as-c513cmyx-zamiennik-do-canon-cl-513","status":"publish","type":"product","link":"https:\/\/domicil.pl\/index.php\/produkt\/tusz-asarto-as-c513cmyx-zamiennik-do-canon-cl-513\/","title":{"rendered":"Tusz Asarto do Canon 513CMYX | 2971B001 | 12ml | color"},"content":{"rendered":"<p>Produkty Asarto zosta\u0142y opracowane z my\u015bl\u0105 o wydajno\u015bci, oszcz\u0119dno\u015bci i niezawodno\u015bci.<br \/>\nPosiadaj\u0105 w\u0142a\u015bciwo\u015bci fizykochemiczne oraz techniczne r\u00f3wne lub wy\u017csze ni\u017c produkt producenta drukarki.<br \/>\nOznacza to, \u017ce produkty Asarto pozwalaj\u0105 na wydrukowanie znacznie wi\u0119kszej liczby stron ni\u017c materia\u0142y OEM.<\/p>\n<p>Produkty Asarto zosta\u0142y przebadane w testach drukuj\u0105cych przy 5% zaczernieniu strony wg normy ISO 19752.<br \/>\nWynik przedstawia bardzo dobr\u0105 jako\u015b\u0107 wydruk\u00f3w oraz wysok\u0105 niezawodno\u015b\u0107.<br \/>\nMateria\u0142y eksploatacyjne Asarto s\u0105 w pe\u0142ni kompatybilne z urz\u0105dzeniem, do kt\u00f3rego s\u0105 przeznaczone.<br \/>\nIch u\u017cycie nie narusza warunk\u00f3w gwarancji producenta OEM.<\/p>\n<p>Tusze i tonery Asarto obj\u0119te s\u0105 do\u017cywotni\u0105 gwarancj\u0105, natomiast ta\u015bmy do drukarek ig\u0142owych oraz \u015brodki czyszcz\u0105ce 24-miesi\u0119czn\u0105.<br \/>\nW trosce o Twoje dobro, prze\u015bwiadczony o jako\u015bci produkt\u00f3w Asarto producent, gwarancj\u0105 obj\u0105\u0142 tak\u017ce urz\u0105dzenia, na czas stosowania w nich materia\u0142\u00f3w eksploatacyjnych Asarto, a w przypadku ewentualnego uszkodzenia zapewnia Ci ich napraw\u0119 lub wymian\u0119.<\/p>\n","protected":false},"excerpt":{"rendered":"<p>Tusz Asarto do Canon 513CMYX | 2971B001 | 12ml | color. Pasuje do urz\u0105dze\u0144: Canon PIXMA iP2700, Canon PIXMA iP2702, Canon PIXMA MP230, Canon PIXMA MP235, Canon PIXMA MP240, Canon PIXMA MP250, Canon PIXMA MP260, Canon PIXMA MP270, Canon PIXMA MP280, Canon PIXMA MP282, Canon PIXMA MP480, Canon PIXMA MP490, Canon PIXMA MP495, Canon PIXMA MP499, Canon PIXMA MX320, Canon PIXMA MX330, Canon PIXMA MX340, Canon PIXMA MX350, Canon PIXMA MX360, Canon PIXMA MX410, Canon PIXMA MX420<\/p>\n","protected":false},"featured_media":10475,"comment_status":"open","ping_status":"closed","template":"","meta":[],"product_brand":[],"product_cat":[20],"product_tag":[1246,446,4603,5266,5265,493,486],"class_list":{"0":"post-7945","1":"product","2":"type-product","3":"status-publish","4":"has-post-thumbnail","6":"product_cat-tusze-canon","7":"product_tag-as-c513cmyx","8":"product_tag-asarto","9":"product_tag-cl-513","10":"product_tag-gdansk-osowa","11":"product_tag-trojmiasto","12":"product_tag-tusz","13":"product_tag-zamiennik","15":"first","16":"onbackorder","17":"featured","18":"taxable","19":"shipping-taxable","20":"purchasable","21":"product-type-simple"},"_links":{"self":[{"href":"https:\/\/domicil.pl\/index.php\/wp-json\/wp\/v2\/product\/7945","targetHints":{"allow":["GET"]}}],"collection":[{"href":"https:\/\/domicil.pl\/index.php\/wp-json\/wp\/v2\/product"}],"about":[{"href":"https:\/\/domicil.pl\/index.php\/wp-json\/wp\/v2\/types\/product"}],"replies":[{"embeddable":true,"href":"https:\/\/domicil.pl\/index.php\/wp-json\/wp\/v2\/comments?post=7945"}],"wp:featuredmedia":[{"embeddable":true,"href":"https:\/\/domicil.pl\/index.php\/wp-json\/wp\/v2\/media\/10475"}],"wp:attachment":[{"href":"https:\/\/domicil.pl\/index.php\/wp-json\/wp\/v2\/media?parent=7945"}],"wp:term":[{"taxonomy":"product_brand","embeddable":true,"href":"https:\/\/domicil.pl\/index.php\/wp-json\/wp\/v2\/product_brand?post=7945"},{"taxonomy":"product_cat","embeddable":true,"href":"https:\/\/domicil.pl\/index.php\/wp-json\/wp\/v2\/product_cat?post=7945"},{"taxonomy":"product_tag","embeddable":true,"href":"https:\/\/domicil.pl\/index.php\/wp-json\/wp\/v2\/product_tag?post=7945"}],"curies":[{"name":"wp","href":"https:\/\/api.w.org\/{rel}","templated":true}]}}